{"id":13,"date":"2017-11-13T19:51:32","date_gmt":"2017-11-13T19:51:32","guid":{"rendered":"http:\/\/albuch-skilift.de\/?page_id=13"},"modified":"2024-12-22T14:08:25","modified_gmt":"2024-12-22T13:08:25","slug":"pistenbully","status":"publish","type":"page","link":"https:\/\/albuch-skilift.de\/?page_id=13","title":{"rendered":"Pistenbully"},"content":{"rendered":"<p><head>\n<link rel=\"apple-touch-icon\" sizes=\"57x57\" href=\"\/apple-icon-57x57.png\">\n<link rel=\"apple-touch-icon\" sizes=\"60x60\" href=\"\/apple-icon-60x60.png\">\n<link rel=\"apple-touch-icon\" sizes=\"72x72\" href=\"\/apple-icon-72x72.png\">\n<link rel=\"apple-touch-icon\" sizes=\"76x76\" href=\"\/apple-icon-76x76.png\">\n<link rel=\"apple-touch-icon\" sizes=\"114x114\" href=\"\/apple-icon-114x114.png\">\n<link rel=\"apple-touch-icon\" sizes=\"120x120\" href=\"\/apple-icon-120x120.png\">\n<link rel=\"apple-touch-icon\" sizes=\"144x144\" href=\"\/apple-icon-144x144.png\">\n<link rel=\"apple-touch-icon\" sizes=\"152x152\" href=\"\/apple-icon-152x152.png\">\n<link rel=\"apple-touch-icon\" sizes=\"180x180\" href=\"\/apple-icon-180x180.png\">\n<link rel=\"icon\" type=\"image\/png\" sizes=\"192x192\"  href=\"\/android-icon-192x192.png\">\n<link rel=\"icon\" type=\"image\/png\" sizes=\"32x32\" href=\"\/favicon-32x32.png\">\n<link rel=\"icon\" type=\"image\/png\" sizes=\"96x96\" href=\"\/favicon-96x96.png\">\n<link rel=\"icon\" type=\"image\/png\" sizes=\"16x16\" href=\"\/favicon-16x16.png\">\n<link rel=\"manifest\" href=\"\/manifest.json\">\n<meta name=\"msapplication-TileColor\" content=\"#ffffff\"><br \/>\n<meta name=\"msapplication-TileImage\" content=\"\/ms-icon-144x144.png\"><br \/>\n<meta name=\"theme-color\" content=\"#ffffff\"><br \/>\n<meta name=\"description\" content=\"Auf unseren Seiten finden Sie Informationen \u00fcber die Aktivit\u00e4ten des Albuch Wintersport e.V. und dem Albuch Skilift in Schnaitheim-Aufhausen.\" \/><br \/>\n<meta name=\"description\" content=\"Weiter finden Sie Infos zum Pistenzustand und welche Anlagen in Betrieb sind.\" \/><br \/>\n<\/head><\/p>\n<h3 style=\"text-align: center;\"><span style=\"font-family: trebuchet ms,geneva,sans-serif;\">Der Alte<\/span><\/h3>\n<p style=\"text-align: center;\"><span style=\"font-family: trebuchet ms,geneva,sans-serif;\">Da die alte Pistenraupe sehr in die Jahre gekommen war, musste diese in der Saison 2011\/12 ersetzt werden. Hier noch 2 Bilder der alten Pistenraupe. Die Bilder sind von 2004 als wir sie abgeholt haben.<\/span><\/p>\n<p style=\"text-align: center;\"><img loading=\"lazy\" decoding=\"async\" class=\"size-medium wp-image-126 aligncenter\" src=\"https:\/\/albuch-skilift.de\/wp-content\/uploads\/2017\/11\/walze_verladen-300x240.jpg\" alt=\"\" width=\"300\" height=\"240\" srcset=\"https:\/\/albuch-skilift.de\/wp-content\/uploads\/2017\/11\/walze_verladen-300x240.jpg 300w, https:\/\/albuch-skilift.de\/wp-content\/uploads\/2017\/11\/walze_verladen.jpg 340w\" sizes=\"auto, (max-width: 300px) 100vw, 300px\" \/><\/p>\n<figure id=\"attachment_125\" aria-describedby=\"caption-attachment-125\" style=\"width: 340px\" class=\"wp-caption aligncenter\"><img loading=\"lazy\" decoding=\"async\" class=\"size-full wp-image-125\" src=\"https:\/\/albuch-skilift.de\/wp-content\/uploads\/2017\/11\/walze_aufladen2.jpg\" alt=\"\" width=\"340\" height=\"272\" srcset=\"https:\/\/albuch-skilift.de\/wp-content\/uploads\/2017\/11\/walze_aufladen2.jpg 340w, https:\/\/albuch-skilift.de\/wp-content\/uploads\/2017\/11\/walze_aufladen2-300x240.jpg 300w\" sizes=\"auto, (max-width: 340px) 100vw, 340px\" \/><figcaption id=\"caption-attachment-125\" class=\"wp-caption-text\">Alte Pistenraupe<\/figcaption><\/figure>\n<h3 style=\"text-align: center;\"><span style=\"font-family: trebuchet ms,geneva,sans-serif;\">Der Neue<\/span><\/h3>\n<p style=\"text-align: center;\"><span style=\"font-family: trebuchet ms,geneva,sans-serif;\">Nachdem unsere alte Pistenwalze nun doch etwas in die Jahre gekommen ist und wir immer wieder an unsere Grenzen gesto\u00dfen sind, haben wir beschlossen, dass wir nach Ersatz Ausschau halten m\u00fcssen.<\/span><\/p>\n<p style=\"text-align: center;\"><span style=\"font-family: trebuchet ms,geneva,sans-serif;\">Und wie durch Zufall hat einer unserer Mitarbeiter gesehen, dass im Tannheimer Tal eine K\u00e4ssbohrer PB 60 zum Verkauf steht.<\/span><\/p>\n<p style=\"text-align: center;\"><span style=\"font-family: trebuchet ms,geneva,sans-serif;\">Also haben wir unsere Kfz-Spezialisten ins Tannheimer Tal geschickt um den technischen Zustand in Augenschein zu nehmen. Schlie\u00dflich ist der Pistenbully ja auch schon ca. 25 Jahre alt. Nachdem unsere Spezialisten Ihr OK gegeben haben, wurde der Pistenbully gekauft.<\/span><\/p>\n<p style=\"text-align: center;\"><span style=\"font-family: trebuchet ms,geneva,sans-serif;\"><div id=\"metaslider-id-42\" style=\"max-width: 800px;\" class=\"ml-slider-3-108-0 metaslider metaslider-responsive metaslider-42 ml-slider has-dots-nav ms-theme-default\" role=\"region\" aria-label=\"Pistenbully\" data-height=\"534\" data-width=\"800\">\n    <div id=\"metaslider_container_42\">\n        <ul id='metaslider_42' class='rslides'>\n            <li aria-roledescription='slide' aria-labelledby='slide-0'><img loading=\"lazy\" decoding=\"async\" src=\"https:\/\/albuch-skilift.de\/wp-content\/uploads\/2017\/11\/IMG_4286-800x534.jpg\" height=\"534\" width=\"800\" alt=\"\" class=\"slider-42 slide-43 msDefaultImage\" \/><\/li>\n            <li style='display: none;' aria-roledescription='slide' aria-labelledby='slide-1'><img loading=\"lazy\" decoding=\"async\" src=\"https:\/\/albuch-skilift.de\/wp-content\/uploads\/2017\/11\/IMG_4287-800x534.jpg\" height=\"534\" width=\"800\" alt=\"\" class=\"slider-42 slide-44 msDefaultImage\" \/><\/li>\n            <li style='display: none;' aria-roledescription='slide' aria-labelledby='slide-2'><img loading=\"lazy\" decoding=\"async\" src=\"https:\/\/albuch-skilift.de\/wp-content\/uploads\/2017\/11\/IMG_4288-800x534.jpg\" height=\"534\" width=\"800\" alt=\"\" class=\"slider-42 slide-45 msDefaultImage\" \/><\/li>\n            <li style='display: none;' aria-roledescription='slide' aria-labelledby='slide-3'><img loading=\"lazy\" decoding=\"async\" src=\"https:\/\/albuch-skilift.de\/wp-content\/uploads\/2017\/11\/IMG_4291-800x534.jpg\" height=\"534\" width=\"800\" alt=\"\" class=\"slider-42 slide-46 msDefaultImage\" \/><\/li>\n            <li style='display: none;' aria-roledescription='slide' aria-labelledby='slide-4'><img loading=\"lazy\" decoding=\"async\" src=\"https:\/\/albuch-skilift.de\/wp-content\/uploads\/2017\/11\/IMG_4292-800x534.jpg\" height=\"534\" width=\"800\" alt=\"\" class=\"slider-42 slide-47 msDefaultImage\" \/><\/li>\n            <li style='display: none;' aria-roledescription='slide' aria-labelledby='slide-5'><img loading=\"lazy\" decoding=\"async\" src=\"https:\/\/albuch-skilift.de\/wp-content\/uploads\/2017\/11\/IMG_4293-800x534.jpg\" height=\"534\" width=\"800\" alt=\"\" class=\"slider-42 slide-48 msDefaultImage\" \/><\/li>\n            <li style='display: none;' aria-roledescription='slide' aria-labelledby='slide-6'><img loading=\"lazy\" decoding=\"async\" src=\"https:\/\/albuch-skilift.de\/wp-content\/uploads\/2017\/11\/IMG_4294-800x534.jpg\" height=\"534\" width=\"800\" alt=\"\" class=\"slider-42 slide-49 msDefaultImage\" \/><\/li>\n            <li style='display: none;' aria-roledescription='slide' aria-labelledby='slide-7'><img loading=\"lazy\" decoding=\"async\" src=\"https:\/\/albuch-skilift.de\/wp-content\/uploads\/2017\/11\/IMG_4298-800x534.jpg\" height=\"534\" width=\"800\" alt=\"\" class=\"slider-42 slide-50 msDefaultImage\" \/><\/li>\n            <li style='display: none;' aria-roledescription='slide' aria-labelledby='slide-8'><img loading=\"lazy\" decoding=\"async\" src=\"https:\/\/albuch-skilift.de\/wp-content\/uploads\/2017\/11\/IMG_4300-800x534.jpg\" height=\"534\" width=\"800\" alt=\"\" class=\"slider-42 slide-51 msDefaultImage\" \/><\/li>\n            <li style='display: none;' aria-roledescription='slide' aria-labelledby='slide-9'><img loading=\"lazy\" decoding=\"async\" src=\"https:\/\/albuch-skilift.de\/wp-content\/uploads\/2017\/11\/IMG_4302-800x534.jpg\" height=\"534\" width=\"800\" alt=\"\" class=\"slider-42 slide-52 msDefaultImage\" \/><\/li>\n            <li style='display: none;' aria-roledescription='slide' aria-labelledby='slide-10'><img loading=\"lazy\" decoding=\"async\" src=\"https:\/\/albuch-skilift.de\/wp-content\/uploads\/2017\/11\/IMG_4304-800x534.jpg\" height=\"534\" width=\"800\" alt=\"\" class=\"slider-42 slide-53 msDefaultImage\" \/><\/li>\n            <li style='display: none;' aria-roledescription='slide' aria-labelledby='slide-11'><img loading=\"lazy\" decoding=\"async\" src=\"https:\/\/albuch-skilift.de\/wp-content\/uploads\/2017\/11\/IMG_4309-800x534.jpg\" height=\"534\" width=\"800\" alt=\"\" class=\"slider-42 slide-54 msDefaultImage\" \/><\/li>\n            <li style='display: none;' aria-roledescription='slide' aria-labelledby='slide-12'><img loading=\"lazy\" decoding=\"async\" src=\"https:\/\/albuch-skilift.de\/wp-content\/uploads\/2017\/11\/IMG_4312-800x534.jpg\" height=\"534\" width=\"800\" alt=\"\" class=\"slider-42 slide-55 msDefaultImage\" \/><\/li>\n            <li style='display: none;' aria-roledescription='slide' aria-labelledby='slide-13'><img loading=\"lazy\" decoding=\"async\" src=\"https:\/\/albuch-skilift.de\/wp-content\/uploads\/2017\/11\/IMG_4314-800x534.jpg\" height=\"534\" width=\"800\" alt=\"\" class=\"slider-42 slide-56 msDefaultImage\" \/><\/li>\n            <li style='display: none;' aria-roledescription='slide' aria-labelledby='slide-14'><img loading=\"lazy\" decoding=\"async\" src=\"https:\/\/albuch-skilift.de\/wp-content\/uploads\/2017\/11\/IMG_4316-800x534.jpg\" height=\"534\" width=\"800\" alt=\"\" class=\"slider-42 slide-57 msDefaultImage\" \/><\/li>\n            <li style='display: none;' aria-roledescription='slide' aria-labelledby='slide-15'><img loading=\"lazy\" decoding=\"async\" src=\"https:\/\/albuch-skilift.de\/wp-content\/uploads\/2017\/11\/IMG_4318-800x534.jpg\" height=\"534\" width=\"800\" alt=\"\" class=\"slider-42 slide-58 msDefaultImage\" \/><\/li>\n            <li style='display: none;' aria-roledescription='slide' aria-labelledby='slide-16'><img loading=\"lazy\" decoding=\"async\" src=\"https:\/\/albuch-skilift.de\/wp-content\/uploads\/2017\/11\/IMG_4321-800x534.jpg\" height=\"534\" width=\"800\" alt=\"\" class=\"slider-42 slide-59 msDefaultImage\" \/><\/li>\n            <li style='display: none;' aria-roledescription='slide' aria-labelledby='slide-17'><img loading=\"lazy\" decoding=\"async\" src=\"https:\/\/albuch-skilift.de\/wp-content\/uploads\/2017\/11\/IMG_4324-800x534.jpg\" height=\"534\" width=\"800\" alt=\"\" class=\"slider-42 slide-60 msDefaultImage\" \/><\/li>\n            <li style='display: none;' aria-roledescription='slide' aria-labelledby='slide-18'><img loading=\"lazy\" decoding=\"async\" src=\"https:\/\/albuch-skilift.de\/wp-content\/uploads\/2017\/11\/IMG_4326-800x534.jpg\" height=\"534\" width=\"800\" alt=\"\" class=\"slider-42 slide-61 msDefaultImage\" \/><\/li>\n        <\/ul>\n        \n    <\/div>\n<\/div><\/span><\/p>\n<p style=\"text-align: center;\"><span style=\"font-family: trebuchet ms,geneva,sans-serif;\">Da der Pistenbully nicht aus eigener Kraft nach Schnaitheim fahren konnte, mussten wir noch den Transport organisieren. Also sind wir mit einem Autotransporth\u00e4nger und einem PKW-Anh\u00e4nger ins Tannheimer Tal gefahren. Dort haben wir die Kette, Gl\u00e4ttebrett und Frontschild abgebaut und die Last auf die beiden Anh\u00e4nger verteilt.<\/span><\/p>\n<p style=\"text-align: center;\"><span style=\"font-family: trebuchet ms,geneva,sans-serif;\">Ausgerechnet an dem Abend lies es dann Frau Holle kr\u00e4ftig schneien und so mussten wir auch noch die Schneeketten aufziehen. Nach ca. 6 h hatten wir den Pistenbully an seinem Ziel, die Garage am Skilift.<\/span><\/p>\n<p style=\"text-align: center;\"><span style=\"font-family: trebuchet ms,geneva,sans-serif;\"><div id=\"metaslider-id-62\" style=\"max-width: 800px;\" class=\"ml-slider-3-108-0 metaslider metaslider-responsive metaslider-62 ml-slider has-dots-nav ms-theme-default\" role=\"region\" aria-label=\"Pistenbully am Lift\" data-height=\"534\" data-width=\"800\">\n    <div id=\"metaslider_container_62\">\n        <ul id='metaslider_62' class='rslides'>\n            <li aria-roledescription='slide' aria-labelledby='slide-0'><img loading=\"lazy\" decoding=\"async\" src=\"https:\/\/albuch-skilift.de\/wp-content\/uploads\/2017\/11\/IMG_4327-800x534.jpg\" height=\"534\" width=\"800\" alt=\"\" class=\"slider-62 slide-68 msDefaultImage\" \/><\/li>\n            <li style='display: none;' aria-roledescription='slide' aria-labelledby='slide-1'><img loading=\"lazy\" decoding=\"async\" src=\"https:\/\/albuch-skilift.de\/wp-content\/uploads\/2017\/11\/IMG_4330-800x534.jpg\" height=\"534\" width=\"800\" alt=\"\" class=\"slider-62 slide-64 msDefaultImage\" \/><\/li>\n            <li style='display: none;' aria-roledescription='slide' aria-labelledby='slide-2'><img loading=\"lazy\" decoding=\"async\" src=\"https:\/\/albuch-skilift.de\/wp-content\/uploads\/2017\/11\/IMG_4335-800x534.jpg\" height=\"534\" width=\"800\" alt=\"\" class=\"slider-62 slide-63 msDefaultImage\" \/><\/li>\n        <\/ul>\n        \n    <\/div>\n<\/div><\/span><\/p>\n<p style=\"text-align: center;\"><span style=\"font-family: trebuchet ms,geneva,sans-serif;\">Nun mussten nur noch die vorher abgebauten Teile wieder montiert werden. Nachdem der Pistenbully wieder komplett war, lies die Schnneelage am 21.12.2011 auch gleich eine erste Probefahrt an unserem Skihang zu.<\/span><\/p>\n<p style=\"text-align: center;\"><span style=\"font-family: trebuchet ms,geneva,sans-serif;\">Jetzt hoffen wir, dass wir in dieser Saison noch oft mit unserem Pistenbully den Hang pr\u00e4parieren k\u00f6nnen.<\/span><\/p>\n","protected":false},"excerpt":{"rendered":"<p>Der Alte Da die alte Pistenraupe sehr in die Jahre gekommen war, musste diese in der Saison 2011\/12 ersetzt werden. [&hellip;]<\/p>\n","protected":false},"author":1,"featured_media":0,"parent":0,"menu_order":0,"comment_status":"closed","ping_status":"closed","template":"","meta":{"site-sidebar-layout":"default","site-content-layout":"","ast-site-content-layout":"default","site-content-style":"default","site-sidebar-style":"default","ast-global-header-display":"","ast-banner-title-visibility":"","ast-main-header-display":"","ast-hfb-above-header-display":"","ast-hfb-below-header-display":"","ast-hfb-mobile-header-display":"","site-post-title":"","ast-breadcrumbs-content":"","ast-featured-img":"","footer-sml-layout":"","ast-disable-related-posts":"","theme-transparent-header-meta":"","adv-header-id-meta":"","stick-header-meta":"","header-above-stick-meta":"","header-main-stick-meta":"","header-below-stick-meta":"","astra-migrate-meta-layouts":"default","ast-page-background-enabled":"default","ast-page-background-meta":{"desktop":{"background-color":"var(--ast-global-color-5)","background-image":"","background-repeat":"repeat","background-position":"center center","background-size":"auto","background-attachment":"scroll","background-type":"","background-media":"","overlay-type":"","overlay-color":"","overlay-opacity":"","overlay-gradient":""},"tablet":{"background-color":"","background-image":"","background-repeat":"repeat","background-position":"center center","background-size":"auto","background-attachment":"scroll","background-type":"","background-media":"","overlay-type":"","overlay-color":"","overlay-opacity":"","overlay-gradient":""},"mobile":{"background-color":"","background-image":"","background-repeat":"repeat","background-position":"center center","background-size":"auto","background-attachment":"scroll","background-type":"","background-media":"","overlay-type":"","overlay-color":"","overlay-opacity":"","overlay-gradient":""}},"ast-content-background-meta":{"desktop":{"background-color":"var(--ast-global-color-4)","background-image":"","background-repeat":"repeat","background-position":"center center","background-size":"auto","background-attachment":"scroll","background-type":"","background-media":"","overlay-type":"","overlay-color":"","overlay-opacity":"","overlay-gradient":""},"tablet":{"background-color":"var(--ast-global-color-4)","background-image":"","background-repeat":"repeat","background-position":"center center","background-size":"auto","background-attachment":"scroll","background-type":"","background-media":"","overlay-type":"","overlay-color":"","overlay-opacity":"","overlay-gradient":""},"mobile":{"background-color":"var(--ast-global-color-4)","background-image":"","background-repeat":"repeat","background-position":"center center","background-size":"auto","background-attachment":"scroll","background-type":"","background-media":"","overlay-type":"","overlay-color":"","overlay-opacity":"","overlay-gradient":""}},"footnotes":""},"class_list":["post-13","page","type-page","status-publish","hentry"],"_links":{"self":[{"href":"https:\/\/albuch-skilift.de\/index.php?rest_route=\/wp\/v2\/pages\/13","targetHints":{"allow":["GET"]}}],"collection":[{"href":"https:\/\/albuch-skilift.de\/index.php?rest_route=\/wp\/v2\/pages"}],"about":[{"href":"https:\/\/albuch-skilift.de\/index.php?rest_route=\/wp\/v2\/types\/page"}],"author":[{"embeddable":true,"href":"https:\/\/albuch-skilift.de\/index.php?rest_route=\/wp\/v2\/users\/1"}],"replies":[{"embeddable":true,"href":"https:\/\/albuch-skilift.de\/index.php?rest_route=%2Fwp%2Fv2%2Fcomments&post=13"}],"version-history":[{"count":6,"href":"https:\/\/albuch-skilift.de\/index.php?rest_route=\/wp\/v2\/pages\/13\/revisions"}],"predecessor-version":[{"id":773,"href":"https:\/\/albuch-skilift.de\/index.php?rest_route=\/wp\/v2\/pages\/13\/revisions\/773"}],"wp:attachment":[{"href":"https:\/\/albuch-skilift.de\/index.php?rest_route=%2Fwp%2Fv2%2Fmedia&parent=13"}],"curies":[{"name":"wp","href":"https:\/\/api.w.org\/{rel}","templated":true}]}}