{"id":238,"date":"2018-06-06T10:13:04","date_gmt":"2018-06-06T10:13:04","guid":{"rendered":"http:\/\/albuch-skilift.de\/?page_id=238"},"modified":"2024-12-22T14:04:34","modified_gmt":"2024-12-22T13:04:34","slug":"datenschutzerklaerung","status":"publish","type":"page","link":"https:\/\/albuch-skilift.de\/?page_id=238","title":{"rendered":"Datenschutzerkl\u00e4rung"},"content":{"rendered":"<head>\n<link rel=\"apple-touch-icon\" sizes=\"57x57\" href=\"\/apple-icon-57x57.png\">\n<link rel=\"apple-touch-icon\" sizes=\"60x60\" href=\"\/apple-icon-60x60.png\">\n<link rel=\"apple-touch-icon\" sizes=\"72x72\" href=\"\/apple-icon-72x72.png\">\n<link rel=\"apple-touch-icon\" sizes=\"76x76\" href=\"\/apple-icon-76x76.png\">\n<link rel=\"apple-touch-icon\" sizes=\"114x114\" href=\"\/apple-icon-114x114.png\">\n<link rel=\"apple-touch-icon\" sizes=\"120x120\" href=\"\/apple-icon-120x120.png\">\n<link rel=\"apple-touch-icon\" sizes=\"144x144\" href=\"\/apple-icon-144x144.png\">\n<link rel=\"apple-touch-icon\" sizes=\"152x152\" href=\"\/apple-icon-152x152.png\">\n<link rel=\"apple-touch-icon\" sizes=\"180x180\" href=\"\/apple-icon-180x180.png\">\n<link rel=\"icon\" type=\"image\/png\" sizes=\"192x192\"  href=\"\/android-icon-192x192.png\">\n<link rel=\"icon\" type=\"image\/png\" sizes=\"32x32\" href=\"\/favicon-32x32.png\">\n<link rel=\"icon\" type=\"image\/png\" sizes=\"96x96\" href=\"\/favicon-96x96.png\">\n<link rel=\"icon\" type=\"image\/png\" sizes=\"16x16\" href=\"\/favicon-16x16.png\">\n<link rel=\"manifest\" href=\"\/manifest.json\">\n<meta name=\"msapplication-TileColor\" content=\"#ffffff\">\n<meta name=\"msapplication-TileImage\" content=\"\/ms-icon-144x144.png\">\n<meta name=\"theme-color\" content=\"#ffffff\">\n<meta name=\"description\" content=\"Auf unseren Seiten finden Sie Informationen \u00fcber die Aktivit\u00e4ten des Albuch Wintersport e.V. und dem Albuch Skilift in Schnaitheim-Aufhausen.\" \/>\n<meta name=\"description\" content=\"Weiter finden Sie Infos zum Pistenzustand und welche Anlagen in Betrieb sind.\" \/>\n<\/head>\n\n<div id=\"generator_results\">\n<div id=\"generator_results_content\">\n<h1>Datenschutzhinweise<\/h1>\n<h2>Verantwortlicher<\/h2>\n<p>Verantwortlicher im Sinne der Datenschutzgesetze, insbesondere der EU-Datenschutz-Grundverordnung (DSGVO), ist:<\/p>\n<p class=\"generator_user_input\">Marc Tobias Konold<\/p>\n<h2>Ihre Betroffenenrechte<\/h2>\n<p>Unter den angegebenen Kontaktdaten k\u00f6nnen Sie gem\u00e4\u00df EU-Datenschutz-Grundverordnung (DSGVO) jederzeit folgende Rechte aus\u00fcben:<\/p>\n<ul>\n<li>Auskunft \u00fcber Ihre bei uns gespeicherten Daten und deren Verarbeitung (Art. 15 DSGVO),<\/li>\n<li>Berichtigung unrichtiger personenbezogener Daten (Art. 16 DSGVO),<\/li>\n<li>L\u00f6schung Ihrer bei uns gespeicherten Daten (Art. 17 DSGVO),<\/li>\n<li>Einschr\u00e4nkung der Datenverarbeitung, sofern wir Ihre Daten aufgrund gesetzlicher Pflichten noch nicht l\u00f6schen d\u00fcrfen (Art. 18 DSGVO),<\/li>\n<li>Widerspruch gegen die Verarbeitung Ihrer Daten bei uns (Art. 21 DSGVO) und<\/li>\n<li>Daten\u00fcbertragbarkeit, sofern Sie in die Datenverarbeitung eingewilligt haben oder einen Vertrag mit uns abgeschlossen haben (Art. 20 DSGVO).<\/li>\n<\/ul>\n<p>Sofern Sie uns eine Einwilligung erteilt haben, k\u00f6nnen Sie diese jederzeit mit Wirkung f\u00fcr die Zukunft widerrufen.<\/p>\n<p>Sie k\u00f6nnen sich jederzeit mit einer Beschwerde an eine Aufsichtsbeh\u00f6rde wenden, z. B. an die zust\u00e4ndige Aufsichtsbeh\u00f6rde des Bundeslands Ihres Wohnsitzes oder an die f\u00fcr uns als verantwortliche Stelle zust\u00e4ndige Beh\u00f6rde.<\/p>\n<p>Eine Liste der Aufsichtsbeh\u00f6rden (f\u00fcr den nicht\u00f6ffentlichen Bereich) mit Anschrift finden Sie unter: <a href=\"https:\/\/www.bfdi.bund.de\/DE\/Infothek\/Anschriften_Links\/anschriften_links-node.html\">https:\/\/www.bfdi.bund.de\/DE\/Infothek\/Anschriften_Links\/anschriften_links-node.html<\/a>.<\/p>\n<h2>Verarbeitungst\u00e4tigkeiten<\/h2>\n<h3>Erfassung allgemeiner Informationen beim Besuch unserer Website<\/h3>\n<h4>Art und Zweck der Verarbeitung<\/h4>\n<p>Wenn Sie auf unsere Website zugreifen, d.h., wenn Sie sich nicht registrieren oder anderweitig Informationen \u00fcbermitteln, werden automatisch Informationen allgemeiner Natur erfasst. Diese Informationen (Server-Logfiles) beinhalten etwa die Art des Webbrowsers, das verwendete Betriebssystem, den Domainnamen Ihres Internet-Service-Providers, Ihre IP-Adresse und \u00e4hnliches.<\/p>\n<p>Sie werden insbesondere zu folgenden Zwecken verarbeitet:<\/p>\n<ul>\n<li>zur technisch fehlerfreien Darstellung und Optimierung der Website<\/li>\n<\/ul>\n<p>Wir verwenden Ihre Daten nicht, um R\u00fcckschl\u00fcsse auf Ihre Person zu ziehen. Allerdings behalten wir uns vor, die Server-Logfiles nachtr\u00e4glich zu \u00fcberpr\u00fcfen, sollten konkrete Anhaltspunkte auf eine rechtswidrige Nutzung hinweisen.<\/p>\n<h4>Rechtsgrundlage und berechtigtes Interesse<\/h4>\n<p>Die Verarbeitung erfolgt gem\u00e4\u00df Art. 6 Abs. 1 lit. f DSGVO auf Basis unseres berechtigten Interesses an der Verbesserung der Stabilit\u00e4t und Funktionalit\u00e4t unserer Website sowie der Sicherstellung der Systemsicherheit und Missbrauchserkennung.<\/p>\n<h4>Empf\u00e4nger<\/h4>\n<p>Empf\u00e4nger der Daten sind ggf. technische Dienstleister, die f\u00fcr den Betrieb und die Wartung unserer Webseite als Auftragsverarbeiter t\u00e4tig werden.<\/p>\n<h4>Speicherdauer<\/h4>\n<p>Daten werden in Server-Log-Dateien in einer Form, die die Identifizierung der betroffenen Personen erm\u00f6glicht, maximal f\u00fcr max. 60 Tage gespeichert; es sei denn, dass ein sicherheitsrelevantes Ereignis auftritt (z.B. ein DDoS-Angriff).<\/p>\n<p>Im Falle eines solchen Ereignisses werden Server-Log-Dateien bis zur Beseitigung und vollst\u00e4ndigen Aufkl\u00e4rung des sicherheitsrelevanten Ereignisses gespeichert.<\/p>\n<h4>Bereitstellung vorgeschrieben oder erforderlich<\/h4>\n<p>Die Bereitstellung der vorgenannten personenbezogenen Daten ist weder gesetzlich noch vertraglich vorgeschrieben. Ohne die IP-Adresse ist jedoch der Dienst und die Funktionsf\u00e4higkeit unserer Website nicht gew\u00e4hrleistet. Zudem k\u00f6nnen einzelne Dienste und Services nicht verf\u00fcgbar oder eingeschr\u00e4nkt sein.<\/p>\n<h4>Widerspruch<\/h4>\n<p>Lesen Sie dazu die Informationen \u00fcber Ihr Widerspruchsrecht nach Art. 21 DSGVO weiter unten.<\/p>\n<h3>Kontaktaufnahme<\/h3>\n<p>Art und Zweck der Verarbeitung<\/p>\n<p>Auf unserer Website ist ein Kontaktformular vorhanden, welches f\u00fcr die elektronische Kontaktaufnahme genutzt werden kann. Nimmt ein Nutzer diese M\u00f6glichkeit wahr, so werden die in der Eingabemaske eingegeben Daten an uns \u00fcbermittelt und gespeichert.<\/p>\n<p>Zum Zeitpunkt der Absendung der Nachricht werden zudem folgende Daten gespeichert:<\/p>\n<ul>\n<li>URL, von der die Anfrage erfolgte<\/li>\n<\/ul>\n<p>Eine Kontaktaufnahme ist \u00fcber die bereitgestellten E-Mail-Adressen m\u00f6glich. In diesem Fall werden die mit der E-Mail \u00fcbermittelten personenbezogenen Daten des Nutzers gespeichert. Hierzu z\u00e4hlen Datum und Uhrzeit des E-Mailversands, E-Mailadresse, IP-Adressen sowie Informationen zu den an der E-Mail-Kommunikation beteiligten Servern.<\/p>\n<p>Sie k\u00f6nnen Sie \u00fcber die bereitgestellten Telefonnummern Kontakt zu uns aufnehmen. Hierbei erheben wir Protokolldaten, die Ihre Telefonnummer und die Dauer des Gespr\u00e4chs beinhalten.<\/p>\n<p>Unabh\u00e4ngig von der gew\u00e4hlten Kommunikationsart erheben wir den Inhalt Ihrer Anfrage. Ihre Daten werden zum Zweck der individuellen Kommunikation mit Ihnen gespeichert.<\/p>\n<h4>Rechtsgrundlage<\/h4>\n<p>Die Verarbeitung der Daten erfolgt auf der Grundlage eines berechtigten Interesses (Art. 6 Abs. 1 lit. f DSGVO).<\/p>\n<p>Unser berechtigtes Interesse an der Verarbeitung Ihrer Daten ist die Erm\u00f6glichung einer unkomplizierten Kontaktaufnahme.<\/p>\n<p>Sofern Sie mit uns Kontakt aufnehmen, um ein Angebot zu erfragen, erfolgt die Verarbeitung der Daten zur Durchf\u00fchrung vorvertraglicher Ma\u00dfnahmen (Art. 6 Abs. 1 lit. b DSGVO).<\/p>\n<h4>Empf\u00e4nger<\/h4>\n<p>Empf\u00e4nger der Daten sind ggf. technische Dienstleister, die f\u00fcr den Betrieb und die Wartung unserer Webseite als Auftragsverarbeiter t\u00e4tig werden.<\/p>\n<h4>Speicherdauer<\/h4>\n<p>Daten werden sp\u00e4testens 6 Monate nach Bearbeitung der Kontaktaufnahme gel\u00f6scht.<\/p>\n<p>Sofern es zu einem Vertragsverh\u00e4ltnis kommt, unterliegen wir den gesetzlichen Aufbewahrungsfristen. Diese betragen grunds\u00e4tzlich 6 oder 10 Jahre aus Gr\u00fcnden der ordnungsm\u00e4\u00dfigen Buchf\u00fchrung und steuerrechtlichen Anforderungen.<\/p>\n<h4>Bereitstellung vorgeschrieben oder erforderlich<\/h4>\n<p>Die Bereitstellung Ihrer personenbezogenen Daten erfolgt freiwillig. Wir k\u00f6nnen Ihre Anfrage jedoch nur bearbeiten, sofern Sie uns die erforderlichen Daten und den Grund der Anfrage mitteilen.<\/p>\n<h4>Widerspruch<\/h4>\n<p>Lesen Sie dazu die Informationen \u00fcber Ihr Widerspruchsrecht nach Art. 21 DSGVO weiter unten.<\/p>\n<h3>Newsletter<\/h3>\n<h4>Art und Zweck der Verarbeitung<\/h4>\n<p>F\u00fcr die Zustellung unseres Newsletters bzw. vergleichbarer Informationen erheben wir personenbezogene Daten, die \u00fcber eine Eingabemaske an uns \u00fcbermittelt werden.<\/p>\n<p>F\u00fcr eine wirksame Registrierung ben\u00f6tigen wir eine valide E-Mail-Adresse. Um zu \u00fcberpr\u00fcfen, dass eine Anmeldung tats\u00e4chlich durch den Inhaber einer E-Mail-Adresse erfolgt, setzen wir das Double-Opt-in-Verfahren ein. Hierzu protokollieren wir die Anmeldung zum Newsletter, den Versand einer Best\u00e4tigungsmail und den Eingang der hiermit angeforderten Antwort. Weitere Daten werden nicht erhoben.<\/p>\n<p>Zum Zeitpunkt der Absendung des Anmeldeformulars werden zudem folgende Daten gespeichert:<\/p>\n<h4>Rechtsgrundlage<\/h4>\n<p>Auf Grundlage Ihrer ausdr\u00fccklich erteilten Einwilligung (Art. 6 Abs. 1 lit. a DSGVO), \u00fcbersenden wir Ihnen regelm\u00e4\u00dfig unseren Newsletter bzw. vergleichbare Informationen per E-Mail an Ihre angegebene E-Mail-Adresse.<\/p>\n<h4>Empf\u00e4nger<\/h4>\n<p>Wir setzen f\u00fcr den Versand einen Dienstleister ein, der als unser Auftragsverarbeiter t\u00e4tig wird.<\/p>\n<h4>Speicherdauer<\/h4>\n<p>Die Daten werden in diesem Zusammenhang nur verarbeitet, solange die entsprechende Einwilligung vorliegt.<\/p>\n<h4>Bereitstellung vorgeschrieben oder erforderlich<\/h4>\n<p>Die Bereitstellung Ihrer personenbezogenen Daten erfolgt freiwillig, allein auf Basis Ihrer Einwilligung. Ohne bestehende Einwilligung k\u00f6nnen wir Ihnen unseren Newsletter nicht zusenden.<\/p>\n<h4>Widerruf der Einwilligung<\/h4>\n<p>Die Einwilligung zur Speicherung Ihrer pers\u00f6nlichen Daten und ihrer Nutzung f\u00fcr den Newsletterversand k\u00f6nnen Sie jederzeit mit Wirkung f\u00fcr die Zukunft widerrufen. Die Abmeldung kann \u00fcber den in jeder E-Mail enthaltenen Link oder in dieser Datenschutzerkl\u00e4rung aufgef\u00fchrten Kontaktinformationen beantragt werden.<\/p>\n<h2>Information \u00fcber Ihr Widerspruchsrecht nach Art. 21 DSGVO<\/h2>\n<h3>Einzelfallbezogenes Widerspruchsrecht<\/h3>\n<p>Sie haben das Recht, aus Gr\u00fcnden, die sich aus Ihrer besonderen Situation ergeben, jederzeit gegen die Verarbeitung Sie betreffender personenbezogener Daten, die aufgrund Art. 6 Abs. 1 lit. f DSGVO (Datenverarbeitung auf der Grundlage einer Interessenabw\u00e4gung) erfolgt, Widerspruch einzulegen; dies gilt auch f\u00fcr ein auf diese Bestimmung gest\u00fctztes Profiling im Sinne von Art. 4 Nr. 4 DSGVO.<\/p>\n<p>Legen Sie Widerspruch ein, werden wir Ihre personenbezogenen Daten nicht mehr verarbeiten, es sei denn, wir k\u00f6nnen zwingende schutzw\u00fcrdige Gr\u00fcnde f\u00fcr die Verarbeitung nachweisen, die Ihre Interessen, Rechte und Freiheiten \u00fcberwiegen, oder die Verarbeitung dient der Geltendmachung, Aus\u00fcbung oder Verteidigung von Rechtsanspr\u00fcchen.<\/p>\n<h3>Empf\u00e4nger eines Widerspruchs<\/h3>\n<p class=\"generator_user_input\">datenschutz(at)albuch-skilift.de<\/p>\n<h2>\u00c4nderung unserer Datenschutzerkl\u00e4rung<\/h2>\n<p>Wir behalten uns vor, diese Datenschutzerkl\u00e4rung anzupassen, damit sie stets den aktuellen rechtlichen Anforderungen entspricht oder um \u00c4nderungen unserer Leistungen in der Datenschutzerkl\u00e4rung umzusetzen, z.B. bei der Einf\u00fchrung neuer Services. F\u00fcr Ihren erneuten Besuch gilt dann die neue Datenschutzerkl\u00e4rung.<\/p>\n<h2>Fragen zum Datenschutz<\/h2>\n<p>Wenn Sie Fragen zum Datenschutz haben, schreiben Sie uns bitte eine E-Mail an den oben genannten Verantwortlichen.<\/p>\n<h2>Urheberrechtliche Hinweise<\/h2>\n<p><em>Diese Datenschutzerkl\u00e4rung wurde mit Hilfe der activeMind AG erstellt \u2013 den Experten f\u00fcr <a href=\"https:\/\/www.activemind.de\/datenschutz\/datenschutzbeauftragter\/\" target=\"_blank\" rel=\"noopener dofollow\">externe Datenschutzbeauftragte<\/a> (Version #2024-10-25).<\/em><\/p>\n<\/div>\n<\/div>\n","protected":false},"excerpt":{"rendered":"<p>Datenschutzhinweise Verantwortlicher Verantwortlicher im Sinne der Datenschutzgesetze, insbesondere der EU-Datenschutz-Grundverordnung (DSGVO), ist: Marc Tobias Konold Ihre Betroffenenrechte Unter den angegebenen [&hellip;]<\/p>\n","protected":false},"author":1,"featured_media":0,"parent":0,"menu_order":0,"comment_status":"closed","ping_status":"closed","template":"","meta":{"site-sidebar-layout":"default","site-content-layout":"","ast-site-content-layout":"default","site-content-style":"default","site-sidebar-style":"default","ast-global-header-display":"","ast-banner-title-visibility":"","ast-main-header-display":"","ast-hfb-above-header-display":"","ast-hfb-below-header-display":"","ast-hfb-mobile-header-display":"","site-post-title":"","ast-breadcrumbs-content":"","ast-featured-img":"","footer-sml-layout":"","ast-disable-related-posts":"","theme-transparent-header-meta":"","adv-header-id-meta":"","stick-header-meta":"","header-above-stick-meta":"","header-main-stick-meta":"","header-below-stick-meta":"","astra-migrate-meta-layouts":"default","ast-page-background-enabled":"default","ast-page-background-meta":{"desktop":{"background-color":"var(--ast-global-color-5)","background-image":"","background-repeat":"repeat","background-position":"center center","background-size":"auto","background-attachment":"scroll","background-type":"","background-media":"","overlay-type":"","overlay-color":"","overlay-opacity":"","overlay-gradient":""},"tablet":{"background-color":"","background-image":"","background-repeat":"repeat","background-position":"center center","background-size":"auto","background-attachment":"scroll","background-type":"","background-media":"","overlay-type":"","overlay-color":"","overlay-opacity":"","overlay-gradient":""},"mobile":{"background-color":"","background-image":"","background-repeat":"repeat","background-position":"center center","background-size":"auto","background-attachment":"scroll","background-type":"","background-media":"","overlay-type":"","overlay-color":"","overlay-opacity":"","overlay-gradient":""}},"ast-content-background-meta":{"desktop":{"background-color":"var(--ast-global-color-4)","background-image":"","background-repeat":"repeat","background-position":"center center","background-size":"auto","background-attachment":"scroll","background-type":"","background-media":"","overlay-type":"","overlay-color":"","overlay-opacity":"","overlay-gradient":""},"tablet":{"background-color":"var(--ast-global-color-4)","background-image":"","background-repeat":"repeat","background-position":"center center","background-size":"auto","background-attachment":"scroll","background-type":"","background-media":"","overlay-type":"","overlay-color":"","overlay-opacity":"","overlay-gradient":""},"mobile":{"background-color":"var(--ast-global-color-4)","background-image":"","background-repeat":"repeat","background-position":"center center","background-size":"auto","background-attachment":"scroll","background-type":"","background-media":"","overlay-type":"","overlay-color":"","overlay-opacity":"","overlay-gradient":""}},"footnotes":""},"class_list":["post-238","page","type-page","status-publish","hentry"],"_links":{"self":[{"href":"https:\/\/albuch-skilift.de\/index.php?rest_route=\/wp\/v2\/pages\/238","targetHints":{"allow":["GET"]}}],"collection":[{"href":"https:\/\/albuch-skilift.de\/index.php?rest_route=\/wp\/v2\/pages"}],"about":[{"href":"https:\/\/albuch-skilift.de\/index.php?rest_route=\/wp\/v2\/types\/page"}],"author":[{"embeddable":true,"href":"https:\/\/albuch-skilift.de\/index.php?rest_route=\/wp\/v2\/users\/1"}],"replies":[{"embeddable":true,"href":"https:\/\/albuch-skilift.de\/index.php?rest_route=%2Fwp%2Fv2%2Fcomments&post=238"}],"version-history":[{"count":11,"href":"https:\/\/albuch-skilift.de\/index.php?rest_route=\/wp\/v2\/pages\/238\/revisions"}],"predecessor-version":[{"id":764,"href":"https:\/\/albuch-skilift.de\/index.php?rest_route=\/wp\/v2\/pages\/238\/revisions\/764"}],"wp:attachment":[{"href":"https:\/\/albuch-skilift.de\/index.php?rest_route=%2Fwp%2Fv2%2Fmedia&parent=238"}],"curies":[{"name":"wp","href":"https:\/\/api.w.org\/{rel}","templated":true}]}}